{"id":4,"date":"2023-02-14T20:43:13","date_gmt":"2023-02-14T19:43:13","guid":{"rendered":"https:\/\/baeji.asr.li\/?page_id=4"},"modified":"2026-02-16T15:54:33","modified_gmt":"2026-02-16T14:54:33","slug":"4-2","status":"publish","type":"page","link":"https:\/\/www.baejizunft.ch\/","title":{"rendered":"News"},"content":{"rendered":"\n<p>Die Fasnachtsplakette 2026 ist ab sofort bei allen B\u00e4jini erh\u00e4ltlich.<\/p>\n\n\n\n<figure class=\"wp-block-image size-large is-resized\"><img loading=\"lazy\" decoding=\"async\" width=\"1024\" height=\"683\" src=\"https:\/\/www.baejizunft.ch\/wp-content\/uploads\/2025\/11\/1000102824-1024x683.jpg\" alt=\"\" class=\"wp-image-2823\" style=\"aspect-ratio:1.4992846924177397;width:487px;height:auto\" srcset=\"https:\/\/www.baejizunft.ch\/wp-content\/uploads\/2025\/11\/1000102824-1024x683.jpg 1024w, https:\/\/www.baejizunft.ch\/wp-content\/uploads\/2025\/11\/1000102824-300x200.jpg 300w, https:\/\/www.baejizunft.ch\/wp-content\/uploads\/2025\/11\/1000102824-768x513.jpg 768w, https:\/\/www.baejizunft.ch\/wp-content\/uploads\/2025\/11\/1000102824-1536x1025.jpg 1536w, https:\/\/www.baejizunft.ch\/wp-content\/uploads\/2025\/11\/1000102824-scaled.jpg 2048w, https:\/\/www.baejizunft.ch\/wp-content\/uploads\/2025\/11\/1000102824-120x80.jpg 120w\" sizes=\"auto, (max-width: 1024px) 100vw, 1024px\" \/><figcaption class=\"wp-element-caption\">Plakette wurde Produziert von <a href=\"https:\/\/www.rusto.ch\/\" data-type=\"link\" data-id=\"https:\/\/www.rusto.ch\/\">Rusto AG<\/a> <\/figcaption><\/figure>\n\n\n\n<h2 class=\"wp-block-heading\"><strong>Fasnacht 2026<\/strong><\/h2>\n\n\n\n<figure id=\"tablepress-26\" class=\"wp-block-table is-style-stripes\"><table><tbody><tr><td>Fr, 06. Februar<\/td><td>14.00 Uhr<\/td><td><a href=\"http:\/\/www.baejizunft.ch\/index.php\/aktivitaeten\/besuch-hps\/\">Besuch der HPS in Glis<\/a> (<a href=\"https:\/\/www.baejizunft.ch\/index.php\/rl_gallery\/hps-glis-2026\/\">Impressionen<\/a>)<\/td><\/tr><tr><td><\/td><td>20.00 Uhr<\/td><td>Drachenausbruch Naters (<a href=\"https:\/\/www.baejizunft.ch\/index.php\/rl_gallery\/drachenausbruch-naters-2026\/\">Impressionen<\/a>)<\/td><\/tr><tr><td>Mo, 09. Februar<\/td><td>19.30 Uhr<\/td><td><a href=\"http:\/\/www.baejizunft.ch\/index.php\/aktivitaeten\/schnitzelbankabend\/\">Schnitzelbankabend im Pfarreiheim in Glis<\/a> (<a href=\"https:\/\/www.baejizunft.ch\/index.php\/rl_gallery\/schnitzelbankabend-2026\/\">Impressionen<\/a>)<br>Vorverkauf Tickets: Samstag, 24. Januar 2026<\/td><\/tr><tr><td>Di, 10. Februar<\/td><td>19.30 Uhr<\/td><td><a href=\"http:\/\/www.baejizunft.ch\/index.php\/aktivitaeten\/schnitzelbankabend\/\">Schnitzelbankabend im Pfarreiheim in Glis<\/a><br>Vorverkauf Tickets: Samstag, 24. Januar 2026<\/td><\/tr><tr><td>Mi, 11. Februar<\/td><td>19.30 Uhr<\/td><td><a href=\"http:\/\/www.baejizunft.ch\/index.php\/aktivitaeten\/chessletta\/\">Chessletta Er\u00f6ffnung der Gliser Fasnacht auf dem Dorfplatz in Glis<\/a> <br>(<a href=\"https:\/\/www.baejizunft.ch\/index.php\/rl_gallery\/chessletta-2026\/\">Impressionen<\/a>)<\/td><\/tr><tr><td>Do, 12. Februar<\/td><td>14.00 Uhr<\/td><td><a href=\"http:\/\/www.baejizunft.ch\/index.php\/aktivitaeten\/kinderumzug\/\">Kinderumzug Brig-Glis<\/a> (<a href=\"https:\/\/www.baejizunft.ch\/index.php\/rl_gallery\/kinderumzug-glis-2026\/\">Impressionen<\/a>)<\/td><\/tr><tr><td><\/td><td><\/td><td>Kasbaher\u00f6ffnung Brig (<a href=\"https:\/\/www.baejizunft.ch\/index.php\/rl_gallery\/kasbaheroeffnung-brig-2026\/\">Impressionen<\/a>)<\/td><\/tr><tr><td>Fr, 13. Februar<\/td><td>18.00 Uhr<\/td><td>Jubil\u00e4umsf\u00e4scht 60 Jahr B\u00e4jizunft (<a href=\"https:\/\/www.baejizunft.ch\/index.php\/rl_gallery\/60-jahre-baejizunft-glis\/\">Impressionen<\/a>)<\/td><\/tr><tr><td>So, 15. Februar<\/td><td>14.00 Uhr<\/td><td><a href=\"http:\/\/www.baejizunft.ch\/index.php\/aktivitaeten\/oberwalliser-umzug\/\">Grosser Oberwalliser Fasnachtsumzug in Glis<\/a> (<a href=\"https:\/\/www.baejizunft.ch\/index.php\/rl_gallery\/grosser-oberwalliser-fasnachtsumzug-2026\/\">Impressionen<\/a>)<\/td><\/tr><tr><td>Mo, 16. Februar<\/td><td>19.00 Uhr<\/td><td><a href=\"http:\/\/www.baejizunft.ch\/index.php\/aktivitaeten\/maskentreiben\/\">Maskentreiben in den Gliser Restaurants<\/a><\/td><\/tr><tr><td>Sa, 07. November<\/td><td>16.00 Uhr<\/td><td><a href=\"http:\/\/www.baejizunft.ch\/index.php\/aktivitaeten\/gv-familienabend\/\">GV Baejizunft<\/a><\/td><\/tr><tr><td><\/td><td>19.30 Uhr<\/td><td><a href=\"http:\/\/www.baejizunft.ch\/index.php\/aktivitaeten\/gv-familienabend\/\">Familienabend<\/a><\/td><\/tr><\/tbody><\/table><\/figure>\n\n\n\n<h2 class=\"wp-block-heading\">Sponsoren<\/h2>\n\n\n\n<p>Mit freundlicher Unterst\u00fctzung unserer Sponsoren<\/p>\n\n\n\n<div class=\"wp-block-columns is-layout-flex wp-container-core-columns-is-layout-9d6595d7 wp-block-columns-is-layout-flex\">\n<div class=\"wp-block-column is-layout-flow wp-block-column-is-layout-flow\">\n<figure class=\"wp-block-image size-full\"><img loading=\"lazy\" decoding=\"async\" width=\"600\" height=\"157\" src=\"https:\/\/www.baejizunft.ch\/wp-content\/uploads\/2026\/01\/rusto_ag_logo-2.png\" alt=\"Rusto Webseite\" class=\"wp-image-2846\" srcset=\"https:\/\/www.baejizunft.ch\/wp-content\/uploads\/2026\/01\/rusto_ag_logo-2.png 600w, https:\/\/www.baejizunft.ch\/wp-content\/uploads\/2026\/01\/rusto_ag_logo-2-300x79.png 300w\" sizes=\"auto, (max-width: 600px) 100vw, 600px\" \/><\/figure>\n\n\n\n<figure class=\"wp-block-image size-full\"><img loading=\"lazy\" decoding=\"async\" width=\"650\" height=\"414\" src=\"https:\/\/www.baejizunft.ch\/wp-content\/uploads\/2026\/01\/Brennwall_Anschnitt.png\" alt=\"Brennwall Webseite\" class=\"wp-image-2852\" srcset=\"https:\/\/www.baejizunft.ch\/wp-content\/uploads\/2026\/01\/Brennwall_Anschnitt.png 650w, https:\/\/www.baejizunft.ch\/wp-content\/uploads\/2026\/01\/Brennwall_Anschnitt-300x191.png 300w\" sizes=\"auto, (max-width: 650px) 100vw, 650px\" \/><\/figure>\n\n\n\n<figure class=\"wp-block-image size-full\"><a href=\"https:\/\/www.simplondruck.ch\/\"><img loading=\"lazy\" decoding=\"async\" width=\"840\" height=\"166\" src=\"https:\/\/www.baejizunft.ch\/wp-content\/uploads\/2026\/01\/Logo_SD.CH_panthone.png\" alt=\"\" class=\"wp-image-2854\" srcset=\"https:\/\/www.baejizunft.ch\/wp-content\/uploads\/2026\/01\/Logo_SD.CH_panthone.png 840w, https:\/\/www.baejizunft.ch\/wp-content\/uploads\/2026\/01\/Logo_SD.CH_panthone-300x59.png 300w, https:\/\/www.baejizunft.ch\/wp-content\/uploads\/2026\/01\/Logo_SD.CH_panthone-768x152.png 768w\" sizes=\"auto, (max-width: 840px) 100vw, 840px\" \/><\/a><\/figure>\n<\/div>\n\n\n\n<div class=\"wp-block-column is-layout-flow wp-block-column-is-layout-flow\">\n<figure class=\"wp-block-image size-full\"><img loading=\"lazy\" decoding=\"async\" width=\"320\" height=\"158\" src=\"https:\/\/www.baejizunft.ch\/wp-content\/uploads\/2026\/01\/Feldschloesschen_farbig.png\" alt=\"Feldschl\u00f6sschen Webseite\" class=\"wp-image-2851\" srcset=\"https:\/\/www.baejizunft.ch\/wp-content\/uploads\/2026\/01\/Feldschloesschen_farbig.png 320w, https:\/\/www.baejizunft.ch\/wp-content\/uploads\/2026\/01\/Feldschloesschen_farbig-300x148.png 300w\" sizes=\"auto, (max-width: 320px) 100vw, 320px\" \/><\/figure>\n\n\n\n<figure class=\"wp-block-image size-large\"><a href=\"https:\/\/abc-event.ch\/\"><img loading=\"lazy\" decoding=\"async\" width=\"1024\" height=\"319\" src=\"https:\/\/www.baejizunft.ch\/wp-content\/uploads\/2026\/01\/abc-event-gmbh_cmyk-logo-black-blue_print-1024x319.png\" alt=\"\" class=\"wp-image-2853\" srcset=\"https:\/\/www.baejizunft.ch\/wp-content\/uploads\/2026\/01\/abc-event-gmbh_cmyk-logo-black-blue_print-1024x319.png 1024w, https:\/\/www.baejizunft.ch\/wp-content\/uploads\/2026\/01\/abc-event-gmbh_cmyk-logo-black-blue_print-300x93.png 300w, https:\/\/www.baejizunft.ch\/wp-content\/uploads\/2026\/01\/abc-event-gmbh_cmyk-logo-black-blue_print-768x239.png 768w, https:\/\/www.baejizunft.ch\/wp-content\/uploads\/2026\/01\/abc-event-gmbh_cmyk-logo-black-blue_print-1536x478.png 1536w, https:\/\/www.baejizunft.ch\/wp-content\/uploads\/2026\/01\/abc-event-gmbh_cmyk-logo-black-blue_print-scaled.png 2048w\" sizes=\"auto, (max-width: 1024px) 100vw, 1024px\" \/><\/a><\/figure>\n\n\n\n<figure class=\"wp-block-image size-large\"><a href=\"https:\/\/www.lengen-weine.ch\/\"><img loading=\"lazy\" decoding=\"async\" width=\"1024\" height=\"512\" src=\"https:\/\/www.baejizunft.ch\/wp-content\/uploads\/2026\/01\/WhatsApp-Image-2026-01-17-at-13.53.59-1024x512.jpeg\" alt=\"\" class=\"wp-image-2856\" srcset=\"https:\/\/www.baejizunft.ch\/wp-content\/uploads\/2026\/01\/WhatsApp-Image-2026-01-17-at-13.53.59-1024x512.jpeg 1024w, https:\/\/www.baejizunft.ch\/wp-content\/uploads\/2026\/01\/WhatsApp-Image-2026-01-17-at-13.53.59-300x150.jpeg 300w, https:\/\/www.baejizunft.ch\/wp-content\/uploads\/2026\/01\/WhatsApp-Image-2026-01-17-at-13.53.59-768x384.jpeg 768w, https:\/\/www.baejizunft.ch\/wp-content\/uploads\/2026\/01\/WhatsApp-Image-2026-01-17-at-13.53.59-1536x768.jpeg 1536w, https:\/\/www.baejizunft.ch\/wp-content\/uploads\/2026\/01\/WhatsApp-Image-2026-01-17-at-13.53.59.jpeg 1600w\" sizes=\"auto, (max-width: 1024px) 100vw, 1024px\" \/><\/a><\/figure>\n<\/div>\n<\/div>\n\n\n\n<h2 class=\"wp-block-heading\">Fotos 2026<\/h2>\n\n\n\n<h2 class=\"wp-block-heading\">Grosser Oberwalliser Fasnachtsumzug 2026<\/h2>\n\n\n\n<figure class=\"wp-block-image size-large\"><a href=\"https:\/\/www.baejizunft.ch\/index.php\/rl_gallery\/grosser-oberwalliser-fasnachtsumzug-2026\/\"><img loading=\"lazy\" decoding=\"async\" width=\"1024\" height=\"640\" src=\"https:\/\/www.baejizunft.ch\/wp-content\/uploads\/2026\/02\/XT5S4797-jpeg-100dpi-1024x640.jpg\" alt=\"\" class=\"wp-image-3999\" srcset=\"https:\/\/www.baejizunft.ch\/wp-content\/uploads\/2026\/02\/XT5S4797-jpeg-100dpi-1024x640.jpg 1024w, https:\/\/www.baejizunft.ch\/wp-content\/uploads\/2026\/02\/XT5S4797-jpeg-100dpi-300x188.jpg 300w, https:\/\/www.baejizunft.ch\/wp-content\/uploads\/2026\/02\/XT5S4797-jpeg-100dpi-768x480.jpg 768w, https:\/\/www.baejizunft.ch\/wp-content\/uploads\/2026\/02\/XT5S4797-jpeg-100dpi-1536x960.jpg 1536w, https:\/\/www.baejizunft.ch\/wp-content\/uploads\/2026\/02\/XT5S4797-jpeg-100dpi-scaled.jpg 2048w, https:\/\/www.baejizunft.ch\/wp-content\/uploads\/2026\/02\/XT5S4797-jpeg-100dpi-840x525.jpg 840w, https:\/\/www.baejizunft.ch\/wp-content\/uploads\/2026\/02\/XT5S4797-jpeg-100dpi-280x175.jpg 280w, https:\/\/www.baejizunft.ch\/wp-content\/uploads\/2026\/02\/XT5S4797-jpeg-100dpi-600x375.jpg 600w\" sizes=\"auto, (max-width: 1024px) 100vw, 1024px\" \/><\/a><figcaption class=\"wp-element-caption\">Grosser Oberwalliser Fasnachtsumzug<\/figcaption><\/figure>\n\n\n\n<h2 class=\"wp-block-heading\">60 Jahre B\u00e4jizunft<\/h2>\n\n\n\n<figure class=\"wp-block-image size-large\"><a href=\"https:\/\/www.baejizunft.ch\/index.php\/rl_gallery\/60-jahre-baejizunft-glis\/\"><img loading=\"lazy\" decoding=\"async\" width=\"1024\" height=\"683\" src=\"https:\/\/www.baejizunft.ch\/wp-content\/uploads\/2026\/02\/26-02-13-0066-web_baejizunft_60jahre-1024x683.jpg\" alt=\"\" class=\"wp-image-3861\" srcset=\"https:\/\/www.baejizunft.ch\/wp-content\/uploads\/2026\/02\/26-02-13-0066-web_baejizunft_60jahre-1024x683.jpg 1024w, https:\/\/www.baejizunft.ch\/wp-content\/uploads\/2026\/02\/26-02-13-0066-web_baejizunft_60jahre-300x200.jpg 300w, https:\/\/www.baejizunft.ch\/wp-content\/uploads\/2026\/02\/26-02-13-0066-web_baejizunft_60jahre-768x512.jpg 768w, https:\/\/www.baejizunft.ch\/wp-content\/uploads\/2026\/02\/26-02-13-0066-web_baejizunft_60jahre-1536x1024.jpg 1536w, https:\/\/www.baejizunft.ch\/wp-content\/uploads\/2026\/02\/26-02-13-0066-web_baejizunft_60jahre-scaled.jpg 2048w, https:\/\/www.baejizunft.ch\/wp-content\/uploads\/2026\/02\/26-02-13-0066-web_baejizunft_60jahre-120x80.jpg 120w\" sizes=\"auto, (max-width: 1024px) 100vw, 1024px\" \/><\/a><figcaption class=\"wp-element-caption\">60 Jahre B\u00e4jizunft Glis<\/figcaption><\/figure>\n\n\n\n<h2 class=\"wp-block-heading\">Kasbah 2026 Brig\/Mekka<\/h2>\n\n\n\n<figure class=\"wp-block-image size-large\"><a href=\"https:\/\/www.baejizunft.ch\/index.php\/rl_gallery\/kasbaheroeffnung-brig-2026\/\"><img loading=\"lazy\" decoding=\"async\" width=\"1024\" height=\"576\" src=\"https:\/\/www.baejizunft.ch\/wp-content\/uploads\/2026\/02\/26-02-12-0039-web_baejizunft_kasbah-1024x576.jpg\" alt=\"\" class=\"wp-image-3696\" srcset=\"https:\/\/www.baejizunft.ch\/wp-content\/uploads\/2026\/02\/26-02-12-0039-web_baejizunft_kasbah-1024x576.jpg 1024w, https:\/\/www.baejizunft.ch\/wp-content\/uploads\/2026\/02\/26-02-12-0039-web_baejizunft_kasbah-300x169.jpg 300w, https:\/\/www.baejizunft.ch\/wp-content\/uploads\/2026\/02\/26-02-12-0039-web_baejizunft_kasbah-768x432.jpg 768w, https:\/\/www.baejizunft.ch\/wp-content\/uploads\/2026\/02\/26-02-12-0039-web_baejizunft_kasbah-1536x864.jpg 1536w, https:\/\/www.baejizunft.ch\/wp-content\/uploads\/2026\/02\/26-02-12-0039-web_baejizunft_kasbah-scaled.jpg 2048w\" sizes=\"auto, (max-width: 1024px) 100vw, 1024px\" \/><\/a><\/figure>\n\n\n\n<h2 class=\"wp-block-heading\">Kinderumzug Glis<\/h2>\n\n\n\n<figure class=\"wp-block-image size-large\"><a href=\"https:\/\/www.baejizunft.ch\/index.php\/rl_gallery\/kinderumzug-glis-2026\/\"><img loading=\"lazy\" decoding=\"async\" width=\"1024\" height=\"683\" src=\"https:\/\/www.baejizunft.ch\/wp-content\/uploads\/2026\/02\/26-02-12-0043-web_baejizunft_kinderumzug_glis-1024x683.jpg\" alt=\"\" class=\"wp-image-3768\" srcset=\"https:\/\/www.baejizunft.ch\/wp-content\/uploads\/2026\/02\/26-02-12-0043-web_baejizunft_kinderumzug_glis-1024x683.jpg 1024w, https:\/\/www.baejizunft.ch\/wp-content\/uploads\/2026\/02\/26-02-12-0043-web_baejizunft_kinderumzug_glis-300x200.jpg 300w, https:\/\/www.baejizunft.ch\/wp-content\/uploads\/2026\/02\/26-02-12-0043-web_baejizunft_kinderumzug_glis-768x512.jpg 768w, https:\/\/www.baejizunft.ch\/wp-content\/uploads\/2026\/02\/26-02-12-0043-web_baejizunft_kinderumzug_glis-1536x1024.jpg 1536w, https:\/\/www.baejizunft.ch\/wp-content\/uploads\/2026\/02\/26-02-12-0043-web_baejizunft_kinderumzug_glis-scaled.jpg 2048w, https:\/\/www.baejizunft.ch\/wp-content\/uploads\/2026\/02\/26-02-12-0043-web_baejizunft_kinderumzug_glis-120x80.jpg 120w\" sizes=\"auto, (max-width: 1024px) 100vw, 1024px\" \/><\/a><\/figure>\n\n\n\n<h2 class=\"wp-block-heading\">Chessletta 2026<\/h2>\n\n\n\n<figure class=\"wp-block-image size-large\"><a href=\"https:\/\/www.baejizunft.ch\/index.php\/rl_gallery\/chessletta-2026\/\"><img loading=\"lazy\" decoding=\"async\" width=\"1024\" height=\"683\" src=\"https:\/\/www.baejizunft.ch\/wp-content\/uploads\/2026\/02\/26-02-11-0018-web_baejizunft_chessleta_-1024x683.jpg\" alt=\"\" class=\"wp-image-3642\" srcset=\"https:\/\/www.baejizunft.ch\/wp-content\/uploads\/2026\/02\/26-02-11-0018-web_baejizunft_chessleta_-1024x683.jpg 1024w, https:\/\/www.baejizunft.ch\/wp-content\/uploads\/2026\/02\/26-02-11-0018-web_baejizunft_chessleta_-300x200.jpg 300w, https:\/\/www.baejizunft.ch\/wp-content\/uploads\/2026\/02\/26-02-11-0018-web_baejizunft_chessleta_-768x512.jpg 768w, https:\/\/www.baejizunft.ch\/wp-content\/uploads\/2026\/02\/26-02-11-0018-web_baejizunft_chessleta_-1536x1024.jpg 1536w, https:\/\/www.baejizunft.ch\/wp-content\/uploads\/2026\/02\/26-02-11-0018-web_baejizunft_chessleta_-scaled.jpg 2048w, https:\/\/www.baejizunft.ch\/wp-content\/uploads\/2026\/02\/26-02-11-0018-web_baejizunft_chessleta_-120x80.jpg 120w\" sizes=\"auto, (max-width: 1024px) 100vw, 1024px\" \/><\/a><\/figure>\n\n\n\n<h2 class=\"wp-block-heading\">Schnitzelbankabend Glis 2026<\/h2>\n\n\n\n<figure class=\"wp-block-image size-large\"><a href=\"https:\/\/www.baejizunft.ch\/index.php\/rl_gallery\/schnitzelbankabend-2026\/\"><img loading=\"lazy\" decoding=\"async\" width=\"1024\" height=\"683\" src=\"https:\/\/www.baejizunft.ch\/wp-content\/uploads\/2026\/02\/26-02-09-0181-web_baejizunft-schnitzelbank-1024x683.jpg\" alt=\"\" class=\"wp-image-3513\" srcset=\"https:\/\/www.baejizunft.ch\/wp-content\/uploads\/2026\/02\/26-02-09-0181-web_baejizunft-schnitzelbank-1024x683.jpg 1024w, https:\/\/www.baejizunft.ch\/wp-content\/uploads\/2026\/02\/26-02-09-0181-web_baejizunft-schnitzelbank-300x200.jpg 300w, https:\/\/www.baejizunft.ch\/wp-content\/uploads\/2026\/02\/26-02-09-0181-web_baejizunft-schnitzelbank-768x512.jpg 768w, https:\/\/www.baejizunft.ch\/wp-content\/uploads\/2026\/02\/26-02-09-0181-web_baejizunft-schnitzelbank-1536x1024.jpg 1536w, https:\/\/www.baejizunft.ch\/wp-content\/uploads\/2026\/02\/26-02-09-0181-web_baejizunft-schnitzelbank-scaled.jpg 2048w, https:\/\/www.baejizunft.ch\/wp-content\/uploads\/2026\/02\/26-02-09-0181-web_baejizunft-schnitzelbank-120x80.jpg 120w\" sizes=\"auto, (max-width: 1024px) 100vw, 1024px\" \/><\/a><\/figure>\n\n\n\n<h4 class=\"wp-block-heading\">Kinderumzug Naters 2026<\/h4>\n\n\n\n<figure class=\"wp-block-image size-large\"><a href=\"https:\/\/www.baejizunft.ch\/index.php\/rl_gallery\/kinderumzug-naters-2026\/\"><img loading=\"lazy\" decoding=\"async\" width=\"1024\" height=\"683\" src=\"https:\/\/www.baejizunft.ch\/wp-content\/uploads\/2026\/02\/26-02-07-0052-web_baejizunft_ku-naters-1024x683.jpg\" alt=\"\" class=\"wp-image-3196\" srcset=\"https:\/\/www.baejizunft.ch\/wp-content\/uploads\/2026\/02\/26-02-07-0052-web_baejizunft_ku-naters-1024x683.jpg 1024w, https:\/\/www.baejizunft.ch\/wp-content\/uploads\/2026\/02\/26-02-07-0052-web_baejizunft_ku-naters-300x200.jpg 300w, https:\/\/www.baejizunft.ch\/wp-content\/uploads\/2026\/02\/26-02-07-0052-web_baejizunft_ku-naters-768x512.jpg 768w, https:\/\/www.baejizunft.ch\/wp-content\/uploads\/2026\/02\/26-02-07-0052-web_baejizunft_ku-naters-1536x1024.jpg 1536w, https:\/\/www.baejizunft.ch\/wp-content\/uploads\/2026\/02\/26-02-07-0052-web_baejizunft_ku-naters-scaled.jpg 2048w, https:\/\/www.baejizunft.ch\/wp-content\/uploads\/2026\/02\/26-02-07-0052-web_baejizunft_ku-naters-120x80.jpg 120w\" sizes=\"auto, (max-width: 1024px) 100vw, 1024px\" \/><\/a><\/figure>\n\n\n\n<h4 class=\"wp-block-heading\">Drachenausbruch Naters 2026<\/h4>\n\n\n\n<figure class=\"wp-block-image size-large\"><a href=\"https:\/\/www.baejizunft.ch\/index.php\/rl_gallery\/drachenausbruch-naters-2026\/\"><img loading=\"lazy\" decoding=\"async\" width=\"1024\" height=\"683\" src=\"https:\/\/www.baejizunft.ch\/wp-content\/uploads\/2026\/02\/26-02-06-0026-web_baejizunft_drachenausbruch-1024x683.jpg\" alt=\"\" class=\"wp-image-3303\" srcset=\"https:\/\/www.baejizunft.ch\/wp-content\/uploads\/2026\/02\/26-02-06-0026-web_baejizunft_drachenausbruch-1024x683.jpg 1024w, https:\/\/www.baejizunft.ch\/wp-content\/uploads\/2026\/02\/26-02-06-0026-web_baejizunft_drachenausbruch-300x200.jpg 300w, https:\/\/www.baejizunft.ch\/wp-content\/uploads\/2026\/02\/26-02-06-0026-web_baejizunft_drachenausbruch-768x512.jpg 768w, https:\/\/www.baejizunft.ch\/wp-content\/uploads\/2026\/02\/26-02-06-0026-web_baejizunft_drachenausbruch-1536x1024.jpg 1536w, https:\/\/www.baejizunft.ch\/wp-content\/uploads\/2026\/02\/26-02-06-0026-web_baejizunft_drachenausbruch-scaled.jpg 2048w, https:\/\/www.baejizunft.ch\/wp-content\/uploads\/2026\/02\/26-02-06-0026-web_baejizunft_drachenausbruch-120x80.jpg 120w\" sizes=\"auto, (max-width: 1024px) 100vw, 1024px\" \/><\/a><\/figure>\n\n\n\n<h4 class=\"wp-block-heading\">Besuch HPS 2026<\/h4>\n\n\n\n<figure class=\"wp-block-image size-large\"><a href=\"https:\/\/www.baejizunft.ch\/index.php\/rl_gallery\/hps-glis-2026\/\"><img loading=\"lazy\" decoding=\"async\" width=\"1024\" height=\"683\" src=\"https:\/\/www.baejizunft.ch\/wp-content\/uploads\/2026\/02\/26-02-06-0094-web_baejizunft_hps-1024x683.jpg\" alt=\"\" class=\"wp-image-3100\" srcset=\"https:\/\/www.baejizunft.ch\/wp-content\/uploads\/2026\/02\/26-02-06-0094-web_baejizunft_hps-1024x683.jpg 1024w, https:\/\/www.baejizunft.ch\/wp-content\/uploads\/2026\/02\/26-02-06-0094-web_baejizunft_hps-300x200.jpg 300w, https:\/\/www.baejizunft.ch\/wp-content\/uploads\/2026\/02\/26-02-06-0094-web_baejizunft_hps-768x512.jpg 768w, https:\/\/www.baejizunft.ch\/wp-content\/uploads\/2026\/02\/26-02-06-0094-web_baejizunft_hps-1536x1024.jpg 1536w, https:\/\/www.baejizunft.ch\/wp-content\/uploads\/2026\/02\/26-02-06-0094-web_baejizunft_hps-scaled.jpg 2048w, https:\/\/www.baejizunft.ch\/wp-content\/uploads\/2026\/02\/26-02-06-0094-web_baejizunft_hps-120x80.jpg 120w\" sizes=\"auto, (max-width: 1024px) 100vw, 1024px\" \/><\/a><\/figure>\n\n\n\n<h4 class=\"wp-block-heading\">Fotograph<\/h4>\n\n\n\n<figure class=\"wp-block-image\"><a href=\"https:\/\/www.facebook.com\/abhijitbossottophotography\" target=\"_blank\" rel=\"noopener\"><img loading=\"lazy\" decoding=\"async\" width=\"150\" height=\"150\" src=\"https:\/\/www.baejizunft.ch\/wp-content\/uploads\/2023\/02\/20220408-Logo-original-150x150.png\" alt=\"\" class=\"wp-image-1476\" srcset=\"https:\/\/www.baejizunft.ch\/wp-content\/uploads\/2023\/02\/20220408-Logo-original-150x150.png 150w, https:\/\/www.baejizunft.ch\/wp-content\/uploads\/2023\/02\/20220408-Logo-original-300x300.png 300w, https:\/\/www.baejizunft.ch\/wp-content\/uploads\/2023\/02\/20220408-Logo-original-768x768.png 768w, https:\/\/www.baejizunft.ch\/wp-content\/uploads\/2023\/02\/20220408-Logo-original.png 960w\" sizes=\"auto, (max-width: 150px) 100vw, 150px\" \/><\/a><\/figure>\n\n\n\n<p>M\u00f6chtest du ein B\u00e4ji werden? Wir w\u00fcrden uns freuen!<br>Melde dich bei info@baejizunft.ch<\/p>\n\n\n\n<p><\/p>\n","protected":false},"excerpt":{"rendered":"<p>Die Fasnachtsplakette 2026 ist ab sofort bei allen B\u00e4jini erh\u00e4ltlich. Fasnacht 2026 Sponsoren Mit freundlicher Unterst\u00fctzung unserer Sponsoren Fotos 2026 Grosser Oberwalliser Fasnachtsumzug 2026 60 Jahre B\u00e4jizunft Kasbah 2026 Brig\/Mekka Kinderumzug Glis Chessletta 2026 Schnitzelbankabend &hellip;<\/p>\n","protected":false},"author":1,"featured_media":0,"parent":0,"menu_order":1,"comment_status":"closed","ping_status":"closed","template":"","meta":{"_exactmetrics_skip_tracking":false,"_exactmetrics_sitenote_active":false,"_exactmetrics_sitenote_note":"","_exactmetrics_sitenote_category":0,"footnotes":""},"class_list":["post-4","page","type-page","status-publish","hentry"],"_links":{"self":[{"href":"https:\/\/www.baejizunft.ch\/index.php\/wp-json\/wp\/v2\/pages\/4","targetHints":{"allow":["GET"]}}],"collection":[{"href":"https:\/\/www.baejizunft.ch\/index.php\/wp-json\/wp\/v2\/pages"}],"about":[{"href":"https:\/\/www.baejizunft.ch\/index.php\/wp-json\/wp\/v2\/types\/page"}],"author":[{"embeddable":true,"href":"https:\/\/www.baejizunft.ch\/index.php\/wp-json\/wp\/v2\/users\/1"}],"replies":[{"embeddable":true,"href":"https:\/\/www.baejizunft.ch\/index.php\/wp-json\/wp\/v2\/comments?post=4"}],"version-history":[{"count":97,"href":"https:\/\/www.baejizunft.ch\/index.php\/wp-json\/wp\/v2\/pages\/4\/revisions"}],"predecessor-version":[{"id":4061,"href":"https:\/\/www.baejizunft.ch\/index.php\/wp-json\/wp\/v2\/pages\/4\/revisions\/4061"}],"wp:attachment":[{"href":"https:\/\/www.baejizunft.ch\/index.php\/wp-json\/wp\/v2\/media?parent=4"}],"curies":[{"name":"wp","href":"https:\/\/api.w.org\/{rel}","templated":true}]}}